{"id":28574,"date":"2023-05-12T16:02:05","date_gmt":"2023-05-12T14:02:05","guid":{"rendered":"https:\/\/mbf-evenementiel.fr\/?page_id=28574"},"modified":"2025-03-25T17:08:30","modified_gmt":"2025-03-25T16:08:30","slug":"legal-notice","status":"publish","type":"page","link":"https:\/\/mbf-evenementiel.fr\/en\/legal-notice\/","title":{"rendered":"Legal Notice"},"content":{"rendered":"\t\t<div data-elementor-type=\"wp-page\" data-elementor-id=\"28574\" class=\"elementor elementor-28574 elementor-27138\" data-elementor-post-type=\"page\">\n\t\t\t\t\t\t<section class=\"elementor-section elementor-top-section elementor-element elementor-element-ea3a0ce elementor-section-full_width no-padding elementor-section-height-default elementor-section-height-default sc_fly_static\" data-id=\"ea3a0ce\" data-element_type=\"section\">\n\t\t\t\t\t\t<div class=\"elementor-container elementor-column-gap-extended\">\n\t\t\t\t\t<div class=\"elementor-column elementor-col-100 elementor-top-column elementor-element elementor-element-2ce75f3 sc_inner_width_none sc_content_align_inherit sc_layouts_column_icons_position_left sc_fly_static\" data-id=\"2ce75f3\" data-element_type=\"column\">\n\t\t\t<div class=\"elementor-widget-wrap elementor-element-populated\">\n\t\t\t\t\t\t<div class=\"elementor-element elementor-element-ce2a8ca sc_fly_static elementor-widget elementor-widget-slider_revolution\" data-id=\"ce2a8ca\" data-element_type=\"widget\" data-widget_type=\"slider_revolution.default\">\n\t\t\t\t<div class=\"elementor-widget-container\">\n\t\t\t\n\t\t<div class=\"wp-block-themepunch-revslider\">\n\t\t\t<!-- START Slider Mentions L\u00e9gales REVOLUTION SLIDER 6.6.11 --><p class=\"rs-p-wp-fix\"><\/p>\n\t\t\t<rs-module-wrap id=\"rev_slider_12_1_wrapper\" data-source=\"gallery\" style=\"visibility:hidden;background:transparent;padding:0;margin:0px auto;margin-top:0;margin-bottom:0;\">\n\t\t\t\t<rs-module id=\"rev_slider_12_1\" style=\"\" data-version=\"6.6.11\">\n\t\t\t\t\t<rs-slides style=\"overflow: hidden; position: absolute;\">\n\t\t\t\t\t\t<rs-slide style=\"position: absolute;\" data-key=\"rs-94\" data-title=\"Slide\" data-in=\"o:0;\" data-out=\"a:false;\">\n\t\t\t\t\t\t\t<img fetchpriority=\"high\" decoding=\"async\" src=\"\/\/mbf-evenementiel.fr\/wp-content\/plugins\/revslider\/public\/assets\/assets\/dummy.png\" alt=\"\" title=\"ml-head\" width=\"2000\" height=\"323\" class=\"rev-slidebg tp-rs-img rs-lazyload\" data-lazyload=\"\/\/mbf-evenementiel.fr\/wp-content\/uploads\/2023\/05\/ml-head.jpg\" data-bg=\"p:center bottom;\" data-no-retina>\n<!---->\t\t\t\t\t\t<\/rs-slide>\n\t\t\t\t\t<\/rs-slides>\n\t\t\t\t<\/rs-module>\n\t\t\t\t<script>\n\t\t\t\t\tsetREVStartSize({c: 'rev_slider_12_1',rl:[1240,1460,785,500],el:[300],gw:[2000],gh:[300],type:'standard',justify:'',layout:'fullwidth',mh:\"0\"});if (window.RS_MODULES!==undefined && window.RS_MODULES.modules!==undefined && window.RS_MODULES.modules[\"revslider121\"]!==undefined) {window.RS_MODULES.modules[\"revslider121\"].once = false;window.revapi12 = undefined;if (window.RS_MODULES.checkMinimal!==undefined) window.RS_MODULES.checkMinimal()}\n\t\t\t\t<\/script>\n\t\t\t<\/rs-module-wrap>\n\t\t\t<!-- END REVOLUTION SLIDER -->\n<\/div>\n\n\t\t\t\t<\/div>\n\t\t\t\t<\/div>\n\t\t\t\t\t<\/div>\n\t\t<\/div>\n\t\t\t\t\t<\/div>\n\t\t<\/section>\n\t\t\t\t<section class=\"elementor-section elementor-top-section elementor-element elementor-element-33e716c elementor-section-boxed elementor-section-height-default elementor-section-height-default sc_fly_static\" data-id=\"33e716c\" data-element_type=\"section\" id=\"ml-title\">\n\t\t\t\t\t\t<div class=\"elementor-container elementor-column-gap-extended\">\n\t\t\t\t\t<div class=\"elementor-column elementor-col-100 elementor-top-column elementor-element elementor-element-138389f sc_inner_width_none sc_content_align_inherit sc_layouts_column_icons_position_left sc_fly_static\" data-id=\"138389f\" data-element_type=\"column\">\n\t\t\t<div class=\"elementor-widget-wrap elementor-element-populated\">\n\t\t\t\t\t\t<div class=\"elementor-element elementor-element-8c21886 sc_fly_static elementor-widget elementor-widget-trx_sc_title\" data-id=\"8c21886\" data-element_type=\"widget\" data-widget_type=\"trx_sc_title.default\">\n\t\t\t\t<div class=\"elementor-widget-container\">\n\t\t\t<div\t\tclass=\"sc_title sc_title_default\" ><h1 class=\"sc_item_title sc_title_title sc_item_title_style_default sc_item_title_tag\"\n\t\t\t><span class=\"sc_item_title_text\">Mentions L\u00e9gales<\/span><\/h1><\/div>\t\t<\/div>\n\t\t\t\t<\/div>\n\t\t\t\t\t<\/div>\n\t\t<\/div>\n\t\t\t\t\t<\/div>\n\t\t<\/section>\n\t\t\t\t<section class=\"elementor-section elementor-top-section elementor-element elementor-element-3ac2add elementor-section-boxed elementor-section-height-default elementor-section-height-default sc_fly_static\" data-id=\"3ac2add\" data-element_type=\"section\" id=\"ml-content\">\n\t\t\t\t\t\t<div class=\"elementor-container elementor-column-gap-extended\">\n\t\t\t\t\t<div class=\"elementor-column elementor-col-100 elementor-top-column elementor-element elementor-element-8e9eb45 sc_inner_width_none sc_content_align_inherit sc_layouts_column_icons_position_left sc_fly_static\" data-id=\"8e9eb45\" data-element_type=\"column\">\n\t\t\t<div class=\"elementor-widget-wrap elementor-element-populated\">\n\t\t\t\t\t\t<div class=\"elementor-element elementor-element-b929f95 sc_fly_static elementor-widget elementor-widget-text-editor\" data-id=\"b929f95\" data-element_type=\"widget\" data-widget_type=\"text-editor.default\">\n\t\t\t\t<div class=\"elementor-widget-container\">\n\t\t\t\t\t\t\t<h2>CONDITIONS G\u00c9N\u00c9RALES D\u2019UTILISATION<\/h2><p>Tous les \u00e9l\u00e9ments de ce site Internet (notamment les textes, graphismes, logos, photos, animations) sont la propri\u00e9t\u00e9 de la SAS VTO Voyages, \u00e0 l\u2019exclusion des \u00e9l\u00e9ments \u00e9manant des partenaires de la SAS VTO Voyages.\u2028La protection du site rel\u00e8ve par cons\u00e9quent des l\u00e9gislations nationales et transnationales relatives au droit de la propri\u00e9t\u00e9 intellectuelle. Toute reproduction et\/ou repr\u00e9sentation, en tout ou partie, sur un quelconque support, pr\u00e9sent ou futur, sont interdites, sauf autorisation expresse de la SAS VTO Voyages. Le non-respect de cette interdiction est susceptible de constituer un acte de contrefa\u00e7on pouvant engager la responsabilit\u00e9 civile ou p\u00e9nale de tout contrevenant. Les informations contenues dans ce site sont non contractuelles et sujettes \u00e0 modification sans pr\u00e9avis.<\/p>\t\t\t\t\t\t<\/div>\n\t\t\t\t<\/div>\n\t\t\t\t<div class=\"elementor-element elementor-element-eacf3dd sc_fly_static elementor-widget elementor-widget-text-editor\" data-id=\"eacf3dd\" data-element_type=\"widget\" data-widget_type=\"text-editor.default\">\n\t\t\t\t<div class=\"elementor-widget-container\">\n\t\t\t\t\t\t\t<h2>DONN\u00c9ES PERSONNELLES<\/h2>\n<p>Le pr\u00e9sent site respecte la LEN (Loi \u00c9lectronique et Num\u00e9rique) du 21 juin 2004. Les informations communiqu\u00e9es pour vos demandes de devis ou d\u2019informations, pour recevoir nos diff\u00e9rentes communications, sont enregistr\u00e9es dans nos syst\u00e8mes informatiques. Notre politique en mati\u00e8re de gestion des donn\u00e9es personnelles est d\u00e9taill\u00e9e dans la page \u00ab Traitement des donn\u00e9es personnelles \u00bb. &#8211; Conform\u00e9ment \u00e0 la loi du 6 janvier 1978 et \u00e0 la r\u00e9glementation relative \u00e0 la protection des donn\u00e9es (RGPD) du 27 avril 2016, vous disposez du droit d\u2019opposition, d\u2019acc\u00e8s, de rectification, d\u2019effacement, de limitation, de portabilit\u00e9 aux informations nominatives et aux donn\u00e9es personnelles vous concernant. Vous pouvez d\u00e9noncer leur traitement en vous adressant \u00e0 <a href=\"mailto:dpo@vtovoyages.com\">dpo@vtovoyages.com<\/a> ou par courrier \u00e0 : &#8211; VTO VOYAGES \u2013 service DPO \u2013 27 avenue de Vabre \u2013 B.P. 23412 \u2013 12034 RODEZ CEDEX 9.<\/p>\t\t\t\t\t\t<\/div>\n\t\t\t\t<\/div>\n\t\t\t\t<div class=\"elementor-element elementor-element-7318d02 sc_fly_static elementor-widget elementor-widget-text-editor\" data-id=\"7318d02\" data-element_type=\"widget\" data-widget_type=\"text-editor.default\">\n\t\t\t\t<div class=\"elementor-widget-container\">\n\t\t\t\t\t\t\t<h2>R\u00c9ALISATION<\/h2>\n<p>UnderKult \u2013 Agence de communication &amp; Web \u2013 401 rue les hauts du vivier \u2013 12100 MILLAU &#8211; <a href=\"https:\/\/www.underkult.com\/\" target=\"_blank\" rel=\"noopener\">www.underkult.com<\/a><\/p>\t\t\t\t\t\t<\/div>\n\t\t\t\t<\/div>\n\t\t\t\t<div class=\"elementor-element elementor-element-be34031 sc_fly_static elementor-widget elementor-widget-text-editor\" data-id=\"be34031\" data-element_type=\"widget\" data-widget_type=\"text-editor.default\">\n\t\t\t\t<div class=\"elementor-widget-container\">\n\t\t\t\t\t\t\t<h2>H\u00c9BERGEUR<\/h2><p><a href=\"https:\/\/www.infomaniak.com\/fr\">Infomaniak<\/a><\/p>\t\t\t\t\t\t<\/div>\n\t\t\t\t<\/div>\n\t\t\t\t<div class=\"elementor-element elementor-element-f47b8bd sc_fly_static elementor-widget elementor-widget-text-editor\" data-id=\"f47b8bd\" data-element_type=\"widget\" data-widget_type=\"text-editor.default\">\n\t\t\t\t<div class=\"elementor-widget-container\">\n\t\t\t\t\t\t\t<h2>MENTIONS L\u00c9GALES<\/h2>\n<p>SAS VTO VOYAGES au capital de 7241.33 \u20ac &#8211; Si\u00e8ge social : 27 avenue de Vabre \u2013 12034 RODEZ CEDEX 9 &#8211; N\u00b0 SIREN 352 705 230 \u2013 Code NACE 7911Z &#8211; TVA Intracommunautaire : FR 29 352 705 230 &#8211; Immatriculation au registre des op\u00e9rateurs de voyages et de s\u00e9jours IM 012 11 0004 d\u00e9livr\u00e9 par Atout France. &#8211; Garantie Financi\u00e8re : Groupama Assurance-Cr\u00e9dit &amp; Caution N\u00b04000714282\/2 &#8211; Responsabilit\u00e9 civile professionnelle : Allianz 33081 Bordeaux Cedex \u2013 Montant des garanties : 7 000 000 \u20ac<\/p>\t\t\t\t\t\t<\/div>\n\t\t\t\t<\/div>\n\t\t\t\t<div class=\"elementor-element elementor-element-54b2980 sc_fly_static elementor-widget elementor-widget-text-editor\" data-id=\"54b2980\" data-element_type=\"widget\" data-widget_type=\"text-editor.default\">\n\t\t\t\t<div class=\"elementor-widget-container\">\n\t\t\t\t\t\t\t<h2>CREDITS PHOTOS<\/h2>\n<p>\u00a9 viewingmalta.com &#8211; \u00a9 Cafe Del Mar &#8211; \u00a9 MarkoHeinrich pour Pixabay &#8211; \u00a9 Petite Events &#8211; \u00a9 Malta Fairs and Conventions Center &#8211; \u00a9 JulianSarmiento pour Adobe Stock &#8211; \u00a9 skitterphoto pour Pixabay &#8211; \u00a9 Victor Perez-Pinaud SALTY FILMS pour VTO VOYAGES &#8211; \u00a9 Jory Courtiol YAVOL pour RAGT &#8211; \u00a9 ASDF pour Adobe Stock &#8211; \u00a9 Domaine du Mioula &#8211; \u00a9 Cors\u2019Alpha Touring &#8211; \u00a9 Paul-Henri Delmur pour SAGESSE &#8211; \u00a9 Malta Tourism Authority \u00a9 Bruno Maltor \u00a9 ua_Bob_Dmyt_ua pour Pixabay \u00a9 .shock pour Adobe Stock &#8211; \u00a9 Rawpixel.com pour Adobe Stock &#8211; \u00a9 MPE &#8211; \u00a9 yurolaitsalbert pour Adobe Stock &#8211; \u00a9 waranyu pour Adobe Stock &#8211; \u00a9 Lluis Carro-ACT (igualada) &#8211; \u00a9 Macba 1 &#8211; \u00a9 Marc castellet puig &#8211; \u00a9 Nano Canas Herederos julio  silvano melanio 2 &#8211; \u00a9 GMIR &#8211; \u00a9 Lluis carro-act  3 &#8211; \u00a9 Gregory iron viewingmalta &#8211; \u00a9 LMIH &#8211; \u00a9 MTE &#8211; \u00a9 vichie81 pour Adobe Stock &#8211; \u00a9 tichr pour Adobe Stock &#8211; \u00a9 Michel Bras &#8211; \u00a9 Les Forges de Laguiole &#8211; \u00a9 ALF photo pour Adobe Stock &#8211; \u00a9 MBF \u00e9v\u00e8nementiel by vto &#8211; \u00a9 Studios-h2g  &#8211; \u00a9 RCR \u2013 mus\u00e9e Soulages &#8211; phototh\u00e8que Rodez agglomeration &#8211; photo (2) A. Meravilles.JPG  &#8211; \u00a9 Kate Kozyrka pour Unsplash  &#8211; \u00a9 Jurica Koletic pour Unsplash<\/p>\t\t\t\t\t\t<\/div>\n\t\t\t\t<\/div>\n\t\t\t\t<div class=\"elementor-element elementor-element-aa403d8 sc_fly_static elementor-widget elementor-widget-text-editor\" data-id=\"aa403d8\" data-element_type=\"widget\" data-widget_type=\"text-editor.default\">\n\t\t\t\t<div class=\"elementor-widget-container\">\n\t\t\t\t\t\t\t<h2>TRAITEMENT DES DONN\u00c9ES PERSONNELLES ET COOKIES<\/h2><p>SAS VTO Voyages, responsable du traitement, aux sens de l\u2019art. 13 du R\u00e8glement Europ\u00e9en G\u00e9n\u00e9ral sur la Protection des Donn\u00e9es Personnelles 679\/2016, communique les informations suivantes concernant le traitement des donn\u00e9es personnelles que vous nous avez transmis :<\/p><ul><li>Pour une demande de contact sur le site mbf-evenementiel.fr<\/li><li>Pour une inscription \u00e0 la newsletter \u00e0 compl\u00e9ter sur le site mbf-evenementiel.fr<\/li><\/ul>\t\t\t\t\t\t<\/div>\n\t\t\t\t<\/div>\n\t\t\t\t<div class=\"elementor-element elementor-element-0534e58 sc_fly_static elementor-widget elementor-widget-text-editor\" data-id=\"0534e58\" data-element_type=\"widget\" data-widget_type=\"text-editor.default\">\n\t\t\t\t<div class=\"elementor-widget-container\">\n\t\t\t\t\t\t\t<h2>FINALIT\u00c9S DU TRAITEMENT DES DONN\u00c9ES COLLECT\u00c9ES<\/h2><p>Pour une demande de contact sur le site mbf-evenementiel.fr<br \/>Les donn\u00e9es personnelles collect\u00e9es seront utilis\u00e9es afin de pouvoir vous recontacter.<br \/>Pour une inscription \u00e0 la newsletter \u00e0 compl\u00e9ter sur le site mbf-evenementiel.fr<br \/>Les donn\u00e9es personnelles collect\u00e9es seront utilis\u00e9es afin de vous envoyer nos newsletters sur la base de votre consentement.<\/p>\t\t\t\t\t\t<\/div>\n\t\t\t\t<\/div>\n\t\t\t\t<div class=\"elementor-element elementor-element-3055cb1 sc_fly_static elementor-widget elementor-widget-text-editor\" data-id=\"3055cb1\" data-element_type=\"widget\" data-widget_type=\"text-editor.default\">\n\t\t\t\t<div class=\"elementor-widget-container\">\n\t\t\t\t\t\t\t<h2>RESPONSABLES DU TRAITEMENT ET DE LA PROTECTION DES DONN\u00c9ES<\/h2>\n<p>Le responsable du traitement et de la protection des donn\u00e9es peut \u00eatre contact\u00e9 \u00e0 :\nVTO VOYAGES,\nA l\u2019attention du responsable du traitement des donn\u00e9es,\u202827, avenue de Vabre &#8211; BP 23412 &#8211; 12034 RODEZ CEDEX 9\nou par email : <a href=\"mailto:dpo@vtovoyages.com\">dpo@vtovoyages.com<\/a><\/p>\t\t\t\t\t\t<\/div>\n\t\t\t\t<\/div>\n\t\t\t\t<div class=\"elementor-element elementor-element-129c3c8 sc_fly_static elementor-widget elementor-widget-text-editor\" data-id=\"129c3c8\" data-element_type=\"widget\" data-widget_type=\"text-editor.default\">\n\t\t\t\t<div class=\"elementor-widget-container\">\n\t\t\t\t\t\t\t<h2>DROITS DE L\u2019INT\u00c9RESS\u00c9 ET OPPOSITION<\/h2>\n<p>Selon les art. 15 \u00e0 22 du RGPD, vous avez le droit, \u00e0 tout moment, de :<\/p>\n<ul>\n \t<li>Acc\u00e9der \u00e0 vos donn\u00e9es personnelles<\/li>\n \t<li>Demander la modification, la suppression de vos donn\u00e9es personnelles<\/li>\n \t<li>R\u00e9voquer \u00e0 tout moment le consentement pour l\u2019utilisation et la diffusion de vos donn\u00e9es personnelles<\/li>\n \t<li>Vous opposez au traitement des donn\u00e9es personnelles vous concernant, m\u00eame pour des finalit\u00e9s de marketing<\/li>\n \t<li>Limiter le traitement de vos donn\u00e9es personnelles<\/li>\n \t<li>Poser r\u00e9clamation aupr\u00e8s de la CNIL<\/li>\n<\/ul>\n<p>Vous pourrez \u00e0 tout moment vous opposer \u00e0 l\u2019envoi des communications li\u00e9es aux activit\u00e9s de marketing en cliquant sur \u00ab d\u00e9sinscription \u00bb en pied de page du courrier \u00e9lectronique re\u00e7u ou bien en faisant la demande par courrier ou email.\n\nVous pouvez exercer ces droits ou obtenir des renseignements sur le traitement des donn\u00e9es personnelles en nous contactant :\nVTO VOYAGES, \u00e0 l\u2019attention du responsable du traitement des donn\u00e9es, &#8211; 27, avenue de Vabre &#8211; BP 23412 &#8211; 12034 RODEZ CEDEX 9\nou par email : <a href=\"mailto:dpo@vtovoyages.com\">dpo@vtovoyages.com<\/a><\/p>\t\t\t\t\t\t<\/div>\n\t\t\t\t<\/div>\n\t\t\t\t<div class=\"elementor-element elementor-element-7e79b0b sc_fly_static elementor-widget elementor-widget-text-editor\" data-id=\"7e79b0b\" data-element_type=\"widget\" data-widget_type=\"text-editor.default\">\n\t\t\t\t<div class=\"elementor-widget-container\">\n\t\t\t\t\t\t\t<h2>COOKIES<\/h2>\n<p>Nous utilisons diff\u00e9rents cookies sur le site pour am\u00e9liorer l\u2019interactivit\u00e9 du site et nos services.\nUn \u00ab cookie \u00bb est un fichier de taille limit\u00e9e, g\u00e9n\u00e9ralement constitu\u00e9 de lettres et de chiffres, envoy\u00e9 par le serveur internet au fichier cookie du navigateur situ\u00e9 sur le disque dur de votre ordinateur.\nCertaines fonctionnalit\u00e9s des sites internet (mesure d\u2019audience, partage de contenus sur les r\u00e9seaux sociaux, lecture directe de vid\u00e9os) s\u2019appuient sur des services propos\u00e9s par des sites tiers qui peuvent d\u00e9poser des cookies pour leur fonctionnement. Ces cookies ne sont d\u00e9pos\u00e9s que si vous donnez votre accord. Vous pouvez, \u00e0 tout moment, vous informer sur la nature des cookies d\u00e9pos\u00e9s, les accepter ou les refuser soit globalement pour l\u2019ensemble du site et l\u2019ensemble des services, soit service par service, en cliquant sur le lien [Gestion des Cookies] situ\u00e9 en bas de page. Vous pouvez \u00e9galement refuser la d\u00e9pose de cookies en configurant directement votre navigateur internet.\nPLUSIEURS TYPES DE COOKIES PEUVENT \u00caTRE D\u00c9POS\u00c9S SUR LE SITE\nCookies techniques internes (exempt\u00e9s de consentement pr\u00e9alable) :\nCes cookies permettent au site de bien fonctionner ou de fonctionner de mani\u00e8re optimale et ne peuvent pas \u00eatre supprim\u00e9s avec la barre de consentement des cookies. Pour vous y opposer et les supprimer vous devez modifier les param\u00e8tres de votre navigateur, cependant l\u2019utilisation du site risque d\u2019\u00eatre d\u00e9grad\u00e9e.\nCookies de mesure d\u2019audience (soumis \u00e0 votre consentement pr\u00e9alable) :\nAfin d\u2019adapter au mieux le site aux demandes de ses visiteurs, nous mesurons le nombre de visites ainsi que l\u2019activit\u00e9 des visiteurs sur le site. A ces fins nous utilisons l\u2019outil Google Analytics. En arrivant sur le site vous pouvez choisir de refuser les cookies et l\u2019analyse de vos donn\u00e9es de navigation par Google Analytics. Google Analytics propose \u00e9galement un module compl\u00e9mentaire \u00e0 int\u00e9grer \u00e0 certains navigateurs pour la d\u00e9sactivation de Google Analytics pendant la navigation Internet.\nCookies tiers destin\u00e9s \u00e0 am\u00e9liorer l\u2019interactivit\u00e9 du site :\nCertaines fonctionnalit\u00e9s peuvent utiliser des cookies tiers directement d\u00e9pos\u00e9s par ces services. Lors de votre premi\u00e8re visite sur le site, si nous sommes en capacit\u00e9 technique de les d\u00e9tecter et de les d\u00e9sactiver, un bandeau vous informe de la pr\u00e9sence de ces cookies et vous invite \u00e0 indiquer votre choix. Ils ne sont d\u00e9pos\u00e9s que si vous les acceptez ou que si vous poursuivez votre navigation sur le site en visitant une seconde page du site. Vous pouvez \u00e9galement refuser la d\u00e9pose de cookies en param\u00e9trant directement votre navigateur internet.<\/p>\t\t\t\t\t\t<\/div>\n\t\t\t\t<\/div>\n\t\t\t\t<div class=\"elementor-element elementor-element-6ca0e46 sc_fly_static elementor-widget elementor-widget-text-editor\" data-id=\"6ca0e46\" data-element_type=\"widget\" data-widget_type=\"text-editor.default\">\n\t\t\t\t<div class=\"elementor-widget-container\">\n\t\t\t\t\t\t\t<h2>LIENS VERS LES R\u00c9SEAUX SOCIAUX<\/h2>\n<p>Certains liens du site renvoient vers des r\u00e9seaux sociaux ou des services en relation avec des r\u00e9seaux sociaux. Cette navigation est susceptible d\u2019entra\u00eener une collecte d\u2019informations, par ces r\u00e9seaux sociaux, ind\u00e9pendante de notre volont\u00e9. Sur la plupart des plateformes de r\u00e9seaux sociaux, vous pouvez configurer les param\u00e8tres de votre compte afin de contr\u00f4ler l\u2019utilisation de vos donn\u00e9es personnelles sur ces r\u00e9seaux.<\/p>\t\t\t\t\t\t<\/div>\n\t\t\t\t<\/div>\n\t\t\t\t<div class=\"elementor-element elementor-element-70bf56c sc_fly_static elementor-widget elementor-widget-text-editor\" data-id=\"70bf56c\" data-element_type=\"widget\" data-widget_type=\"text-editor.default\">\n\t\t\t\t<div class=\"elementor-widget-container\">\n\t\t\t\t\t\t\t<p>Consulter notre <a href=\"\/politique-de-confidentialite\/\">Politique de confidentialit\u00e9<\/a><\/p><p>Consulter notre <a href=\"\/politique-de-cookies\/\">Politique de Cookies<\/a><\/p>\t\t\t\t\t\t<\/div>\n\t\t\t\t<\/div>\n\t\t\t\t\t<\/div>\n\t\t<\/div>\n\t\t\t\t\t<\/div>\n\t\t<\/section>\n\t\t\t\t<\/div>\n\t\t","protected":false},"excerpt":{"rendered":"<p>Mentions L\u00e9gales CONDITIONS G\u00c9N\u00c9RALES D\u2019UTILISATION Tous les \u00e9l\u00e9ments de ce site Internet (notamment les textes, graphismes, logos, photos, animations) sont la propri\u00e9t\u00e9 de la SAS VTO Voyages, \u00e0 l\u2019exclusion des&hellip;<\/p>\n","protected":false},"author":2,"featured_media":0,"parent":0,"menu_order":0,"comment_status":"closed","ping_status":"closed","template":"","meta":{"footnotes":""},"class_list":["post-28574","page","type-page","status-publish","hentry"],"yoast_head":"<!-- This site is optimized with the Yoast SEO plugin v27.5 - https:\/\/yoast.com\/product\/yoast-seo-wordpress\/ -->\n<title>Legal Notice - VTO<\/title>\n<meta name=\"robots\" content=\"noindex, follow\" \/>\n<meta property=\"og:locale\" content=\"en_US\" \/>\n<meta property=\"og:type\" content=\"article\" \/>\n<meta property=\"og:title\" content=\"Legal Notice - VTO\" \/>\n<meta property=\"og:description\" content=\"Mentions L\u00e9gales CONDITIONS G\u00c9N\u00c9RALES D\u2019UTILISATION Tous les \u00e9l\u00e9ments de ce site Internet (notamment les textes, graphismes, logos, photos, animations) sont la propri\u00e9t\u00e9 de la SAS VTO Voyages, \u00e0 l\u2019exclusion des&hellip;\" \/>\n<meta property=\"og:url\" content=\"https:\/\/mbf-evenementiel.fr\/mentions-legales\/\" \/>\n<meta property=\"og:site_name\" content=\"VTO\" \/>\n<meta property=\"article:publisher\" content=\"https:\/\/www.facebook.com\/mbf.evenementiel\/\" \/>\n<meta property=\"article:modified_time\" content=\"2025-03-25T16:08:30+00:00\" \/>\n<meta name=\"twitter:card\" content=\"summary_large_image\" \/>\n<meta name=\"twitter:label1\" content=\"Est. reading time\" \/>\n\t<meta name=\"twitter:data1\" content=\"6 minutes\" \/>\n<script type=\"application\/ld+json\" class=\"yoast-schema-graph\">{\"@context\":\"https:\\\/\\\/schema.org\",\"@graph\":[{\"@type\":\"WebPage\",\"@id\":\"https:\\\/\\\/mbf-evenementiel.fr\\\/mentions-legales\\\/\",\"url\":\"https:\\\/\\\/mbf-evenementiel.fr\\\/mentions-legales\\\/\",\"name\":\"Legal Notice - VTO\",\"isPartOf\":{\"@id\":\"https:\\\/\\\/mbf-evenementiel.fr\\\/#website\"},\"datePublished\":\"2023-05-12T14:02:05+00:00\",\"dateModified\":\"2025-03-25T16:08:30+00:00\",\"inLanguage\":\"en-US\",\"potentialAction\":[{\"@type\":\"ReadAction\",\"target\":[\"https:\\\/\\\/mbf-evenementiel.fr\\\/mentions-legales\\\/\"]}]},{\"@type\":\"WebSite\",\"@id\":\"https:\\\/\\\/mbf-evenementiel.fr\\\/#website\",\"url\":\"https:\\\/\\\/mbf-evenementiel.fr\\\/\",\"name\":\"VTO\",\"description\":\"Agence \u00e9v\u00e8nementiel\",\"publisher\":{\"@id\":\"https:\\\/\\\/mbf-evenementiel.fr\\\/#organization\"},\"potentialAction\":[{\"@type\":\"SearchAction\",\"target\":{\"@type\":\"EntryPoint\",\"urlTemplate\":\"https:\\\/\\\/mbf-evenementiel.fr\\\/?s={search_term_string}\"},\"query-input\":{\"@type\":\"PropertyValueSpecification\",\"valueRequired\":true,\"valueName\":\"search_term_string\"}}],\"inLanguage\":\"en-US\"},{\"@type\":\"Organization\",\"@id\":\"https:\\\/\\\/mbf-evenementiel.fr\\\/#organization\",\"name\":\"VTO\",\"url\":\"https:\\\/\\\/mbf-evenementiel.fr\\\/\",\"logo\":{\"@type\":\"ImageObject\",\"inLanguage\":\"en-US\",\"@id\":\"https:\\\/\\\/mbf-evenementiel.fr\\\/#\\\/schema\\\/logo\\\/image\\\/\",\"url\":\"https:\\\/\\\/mbf-evenementiel.fr\\\/wp-content\\\/uploads\\\/2025\\\/03\\\/vto-evenementiel-logo.png\",\"contentUrl\":\"https:\\\/\\\/mbf-evenementiel.fr\\\/wp-content\\\/uploads\\\/2025\\\/03\\\/vto-evenementiel-logo.png\",\"width\":407,\"height\":162,\"caption\":\"VTO\"},\"image\":{\"@id\":\"https:\\\/\\\/mbf-evenementiel.fr\\\/#\\\/schema\\\/logo\\\/image\\\/\"},\"sameAs\":[\"https:\\\/\\\/www.facebook.com\\\/mbf.evenementiel\\\/\"]}]}<\/script>\n<!-- \/ Yoast SEO plugin. -->","yoast_head_json":{"title":"Legal Notice - VTO","robots":{"index":"noindex","follow":"follow"},"og_locale":"en_US","og_type":"article","og_title":"Legal Notice - VTO","og_description":"Mentions L\u00e9gales CONDITIONS G\u00c9N\u00c9RALES D\u2019UTILISATION Tous les \u00e9l\u00e9ments de ce site Internet (notamment les textes, graphismes, logos, photos, animations) sont la propri\u00e9t\u00e9 de la SAS VTO Voyages, \u00e0 l\u2019exclusion des&hellip;","og_url":"https:\/\/mbf-evenementiel.fr\/mentions-legales\/","og_site_name":"VTO","article_publisher":"https:\/\/www.facebook.com\/mbf.evenementiel\/","article_modified_time":"2025-03-25T16:08:30+00:00","twitter_card":"summary_large_image","twitter_misc":{"Est. reading time":"6 minutes"},"schema":{"@context":"https:\/\/schema.org","@graph":[{"@type":"WebPage","@id":"https:\/\/mbf-evenementiel.fr\/mentions-legales\/","url":"https:\/\/mbf-evenementiel.fr\/mentions-legales\/","name":"Legal Notice - VTO","isPartOf":{"@id":"https:\/\/mbf-evenementiel.fr\/#website"},"datePublished":"2023-05-12T14:02:05+00:00","dateModified":"2025-03-25T16:08:30+00:00","inLanguage":"en-US","potentialAction":[{"@type":"ReadAction","target":["https:\/\/mbf-evenementiel.fr\/mentions-legales\/"]}]},{"@type":"WebSite","@id":"https:\/\/mbf-evenementiel.fr\/#website","url":"https:\/\/mbf-evenementiel.fr\/","name":"VTO","description":"Agence \u00e9v\u00e8nementiel","publisher":{"@id":"https:\/\/mbf-evenementiel.fr\/#organization"},"potentialAction":[{"@type":"SearchAction","target":{"@type":"EntryPoint","urlTemplate":"https:\/\/mbf-evenementiel.fr\/?s={search_term_string}"},"query-input":{"@type":"PropertyValueSpecification","valueRequired":true,"valueName":"search_term_string"}}],"inLanguage":"en-US"},{"@type":"Organization","@id":"https:\/\/mbf-evenementiel.fr\/#organization","name":"VTO","url":"https:\/\/mbf-evenementiel.fr\/","logo":{"@type":"ImageObject","inLanguage":"en-US","@id":"https:\/\/mbf-evenementiel.fr\/#\/schema\/logo\/image\/","url":"https:\/\/mbf-evenementiel.fr\/wp-content\/uploads\/2025\/03\/vto-evenementiel-logo.png","contentUrl":"https:\/\/mbf-evenementiel.fr\/wp-content\/uploads\/2025\/03\/vto-evenementiel-logo.png","width":407,"height":162,"caption":"VTO"},"image":{"@id":"https:\/\/mbf-evenementiel.fr\/#\/schema\/logo\/image\/"},"sameAs":["https:\/\/www.facebook.com\/mbf.evenementiel\/"]}]}},"_links":{"self":[{"href":"https:\/\/mbf-evenementiel.fr\/en\/wp-json\/wp\/v2\/pages\/28574","targetHints":{"allow":["GET"]}}],"collection":[{"href":"https:\/\/mbf-evenementiel.fr\/en\/wp-json\/wp\/v2\/pages"}],"about":[{"href":"https:\/\/mbf-evenementiel.fr\/en\/wp-json\/wp\/v2\/types\/page"}],"author":[{"embeddable":true,"href":"https:\/\/mbf-evenementiel.fr\/en\/wp-json\/wp\/v2\/users\/2"}],"replies":[{"embeddable":true,"href":"https:\/\/mbf-evenementiel.fr\/en\/wp-json\/wp\/v2\/comments?post=28574"}],"version-history":[{"count":14,"href":"https:\/\/mbf-evenementiel.fr\/en\/wp-json\/wp\/v2\/pages\/28574\/revisions"}],"predecessor-version":[{"id":29145,"href":"https:\/\/mbf-evenementiel.fr\/en\/wp-json\/wp\/v2\/pages\/28574\/revisions\/29145"}],"wp:attachment":[{"href":"https:\/\/mbf-evenementiel.fr\/en\/wp-json\/wp\/v2\/media?parent=28574"}],"curies":[{"name":"wp","href":"https:\/\/api.w.org\/{rel}","templated":true}]}}